{"id":3300,"date":"2024-07-10T17:13:08","date_gmt":"2024-07-10T20:13:08","guid":{"rendered":"https:\/\/www.athonenergia.com.br\/privacy-policy-2\/"},"modified":"2024-09-26T11:32:00","modified_gmt":"2024-09-26T14:32:00","slug":"privacy-policy","status":"publish","type":"page","link":"https:\/\/www.athonenergia.com.br\/en\/privacy-policy\/","title":{"rendered":"Privacy Policy"},"content":{"rendered":"\n<h2 class=\"wp-block-heading\"><strong>Privacy Policy<\/strong><\/h2>\n\n<p>Para que possamos conduzir nosso neg\u00f3cio de maneira \u00edntegra, transparente e sustent\u00e1vel, respeitar a privacidade dos Dados Pessoais que voc\u00ea compartilha conosco faz parte de nosso compromisso. E, como forma de demonstrar este compromisso, por meio desta Pol\u00edtica, n\u00f3s, do Grupo Athon, apresentamos a voc\u00ea, Titular de Dados, os direitos e garantias aos seus Dados Pessoais aqui tratados. Por fim, reafirmamos tamb\u00e9m nossos valores e princ\u00edpios de seguran\u00e7a, boas pr\u00e1ticas e \u00e9tica, considerados indispens\u00e1veis \u00e0 condu\u00e7\u00e3o de nossas opera\u00e7\u00f5es.  <\/p>\n\n<ol class=\"wp-block-list\">\n<li><strong>Defini\u00e7\u00f5es<\/strong><\/li>\n<\/ol>\n\n<p>Para que voc\u00ea possa entender melhor esta Pol\u00edtica, passamos a definir os termos que s\u00e3o nela utilizados:<\/p>\n\n<p>Banco de Dados \u00e9 o conjunto estruturado de Dados Pessoais, mantido em um ou em v\u00e1rios locais, em suporte eletr\u00f4nico ou f\u00edsico; <\/p>\n\n<p>Base Legal \u00e9 o fundamento previsto pela legisla\u00e7\u00e3o aplic\u00e1vel no qual o Tratamento do Dado Pessoal deve se enquadrar para que possa ser realizado;<\/p>\n\n<p>Consentimento significa manifesta\u00e7\u00e3o livre, informada e inequ\u00edvoca pela qual o Titular concorda com o Tratamento de seus Dados Pessoais para uma finalidade determinada, sendo considerada uma das Bases Legais poss\u00edveis de enquadramento;<\/p>\n\n<p>Dados Pessoais s\u00e3o todas as informa\u00e7\u00f5es relacionadas \u00e0 pessoa f\u00edsica identificada ou identific\u00e1vel;<\/p>\n\n<p>Dados Pessoais Sens\u00edveis s\u00e3o Dados Pessoais sobre origem racial ou \u00e9tnica, convic\u00e7\u00e3o religiosa, opini\u00e3o pol\u00edtica, filia\u00e7\u00e3o a sindicato ou a organiza\u00e7\u00e3o de car\u00e1ter religioso, filos\u00f3fico ou pol\u00edtico, dado referente \u00e0 sa\u00fade ou \u00e0 vida sexual, dado gen\u00e9tico ou biom\u00e9trico; <\/p>\n\n<p>Titular ou Titular de Dados \u00e9 toda pessoa f\u00edsica a quem se referem os Dados Pessoais que s\u00e3o objeto de Tratamento;<\/p>\n\n<p>Tratamento significa toda opera\u00e7\u00e3o realizada com Dados Pessoais, como as que se referem \u00e0 coleta, produ\u00e7\u00e3o, recep\u00e7\u00e3o, classifica\u00e7\u00e3o, utiliza\u00e7\u00e3o, acesso, reprodu\u00e7\u00e3o, transmiss\u00e3o, distribui\u00e7\u00e3o, processamento, arquivamento, armazenamento, elimina\u00e7\u00e3o, avalia\u00e7\u00e3o ou controle da informa\u00e7\u00e3o, modifica\u00e7\u00e3o, comunica\u00e7\u00e3o, transfer\u00eancia, difus\u00e3o ou extra\u00e7\u00e3o.<\/p>\n\n<ol start=\"2\" class=\"wp-block-list\">\n<li><strong>Dados Pessoais tratados e suas Finalidades<\/strong><\/li>\n<\/ol>\n\n<p>Tratamos apenas Dados Pessoais necess\u00e1rios e adequados \u00e0s finalidades \u00e0s quais os dados se destinem, e de acordo com as Bases Legais previstas na legisla\u00e7\u00e3o aplic\u00e1vel. <\/p>\n\n<p>Em geral, s\u00e3o coletados dados de identifica\u00e7\u00e3o (nome), dados de contato (e-mail e telefone) e dados profissionais (empresa em que voc\u00ea atua). Outros Dados Pessoais e\/ou Dados Pessoais Sens\u00edveis, quando necess\u00e1rios, s\u00e3o pontualmente coletados, sendo os Titulares alertados sobre sua finalidade, adequa\u00e7\u00e3o e Base Legal de Tratamento. <\/p>\n\n<p>Podemos tratar os seus Dados Pessoais com base no Consentimento espec\u00edfico do Titular, se e quando necess\u00e1rio; visando o cumprimento de um contrato, de uma obriga\u00e7\u00e3o legal ou regulat\u00f3ria; no exerc\u00edcio regular de direitos; ou ainda para atendimento de interesses leg\u00edtimos, sendo sempre ponderados os direitos e liberdades do Titular. <\/p>\n\n<p>Nesse sentido, os Dados Pessoais s\u00e3o tratados para:<\/p>\n\n<ol class=\"wp-block-list\">\n<li>a adequada presta\u00e7\u00e3o de servi\u00e7os e a seguran\u00e7a de quem acessa \u00e0s suas instala\u00e7\u00f5es; <\/li>\n\n\n\n<li>a execu\u00e7\u00e3o de contratos;<\/li>\n\n\n\n<li>o cadastramento e a gest\u00e3o de colaboradores, prestadores de servi\u00e7os e investidores em Banco de Dados;<\/li>\n\n\n\n<li>o exerc\u00edcio regular de direitos;<\/li>\n\n\n\n<li>a adequada comunica\u00e7\u00e3o em caso de necessidade de suporte, atendimento a solicita\u00e7\u00f5es\/reclama\u00e7\u00f5es ou obten\u00e7\u00e3o de feedback, bem como contato, sele\u00e7\u00e3o e eventual contrata\u00e7\u00e3o de candidatos a emprego, de fornecedores de bens ou servi\u00e7os e\/ou demais parceiros (incluindo propriet\u00e1rios de im\u00f3veis);<\/li>\n\n\n\n<li>an\u00e1lises estat\u00edsticas;<\/li>\n\n\n\n<li>melhorias constantes aos <em>sites<\/em> e aos servi\u00e7os oferecidos pelo Grupo Athon; <\/li>\n\n\n\n<li>divulga\u00e7\u00e3o de eventos, avisos, comunicados institucionais, pesquisas e\/ou informa\u00e7\u00f5es adicionais relacionadas ao Grupo Athon ou ao <em>site<\/em>; dentre outros.<\/li>\n<\/ol>\n\n<p>Importante esclarecer que o Tratamento sempre ser\u00e1 realizado em atendimento \u00e0 razoabilidade, aos princ\u00edpios \u00e9ticos e \u00e0s suas prov\u00e1veis expectativas e prefer\u00eancias, como Titular dos Dados. <\/p>\n\n<ol start=\"3\" class=\"wp-block-list\">\n<li><strong>Armazenamento e Seguran\u00e7a<\/strong><\/li>\n<\/ol>\n\n<p>Os Dados Pessoais s\u00e3o tratados e armazenados pelo tempo necess\u00e1rio para atender \u00e0 finalidade \u00e0 qual ele se destina, levando em conta tamb\u00e9m a adequa\u00e7\u00e3o de seu armazenamento. <\/p>\n\n<p>Quando armazenamos Dados Pessoais, protegemos dentro de meios e ferramentas de seguran\u00e7a da informa\u00e7\u00e3o comercialmente aceit\u00e1veis visando evitar perdas e roubos, bem como acesso, divulga\u00e7\u00e3o, c\u00f3pia, uso ou modifica\u00e7\u00e3o n\u00e3o autorizados. Para tanto, adotamos medidas contratuais e administrativas, bem como gerenciamento de documentos que incluem, sem limita\u00e7\u00e3o, diferentes n\u00edveis e restri\u00e7\u00f5es de acesso. <\/p>\n\n<ol start=\"4\" class=\"wp-block-list\">\n<li><strong>Compartilhamento dos Dados Pessoais<\/strong><\/li>\n<\/ol>\n\n<p>O Tratamento de seus Dados Pessoais \u00e9 direcionado a integrantes autorizados para o uso adequado dessas informa\u00e7\u00f5es e a terceiros prestadores de servi\u00e7os e parceiros, se e quando necess\u00e1rio para os servi\u00e7os ou as fun\u00e7\u00f5es relacionadas, sob o compromisso de que o destinat\u00e1rio deles se utilizem de acordo com a finalidade e demais regras de seguran\u00e7a e privacidade previstas tanto nesta Pol\u00edtica de Privacidade quanto nas leis aplic\u00e1veis.<\/p>\n\n<p>Tamb\u00e9m ser\u00e3o compartilhados se solicitados por meio de ordem judicial e\/ou administrativa, bem como para cumprir um acordo com o Titular ou resolver disputas\/reclama\u00e7\u00f5es ou ainda para proteger direitos do Grupo Athon, seus funcion\u00e1rios, clientes ou parceiros.<\/p>\n\n<ol start=\"5\" class=\"wp-block-list\">\n<li><strong>Pol\u00edtica de Cookies<\/strong><\/li>\n<\/ol>\n\n<p>Este site usa <em>cookies<\/em>, que s\u00e3o pequenos arquivos baixados no seu computador para melhorar sua experi\u00eancia como usu\u00e1rio. Os dados de navega\u00e7\u00e3o como IP, ISP, browser e outras informa\u00e7\u00f5es s\u00e3o coletadas apenas com a finalidade estat\u00edstica de aperfei\u00e7oar sua usabilidade e interatividade, bem como desenvolver e melhorar o conte\u00fado fornecido da forma mais adequada ao seu interesse. <\/p>\n\n<p>Voc\u00ea poder\u00e1 optar pela permiss\u00e3o, desativa\u00e7\u00e3o, elimina\u00e7\u00e3o ou bloqueio de <em>cookies<\/em> por meio de simples configura\u00e7\u00e3o de seu navegador. Mas \u00e9 importante que saiba que, por vezes, a desativa\u00e7\u00e3o dos <em>cookies<\/em> poder\u00e1 comprometer a navegabilidade e\/ou funcionalidade do site.  <\/p>\n\n<p>No caso deste site, usamos o Google Analytics para nos ajudar a entender e rastrear itens como quanto tempo voc\u00ea gasta no site e quais as p\u00e1ginas visitadas, a fim de que possamos continuar produzindo conte\u00fado atraente para voc\u00ea.<\/p>\n\n<ol start=\"6\" class=\"wp-block-list\">\n<li><strong>Direitos do Titular de Dados Pessoais<\/strong><\/li>\n<\/ol>\n\n<p>Voc\u00ea tem o direito de confirmar o Tratamento, corrigir, atualizar, revogar o Consentimento (caso existente) ou excluir seus Dados Pessoais, tudo por meio do canal de atendimento previsto nesta Pol\u00edtica de Privacidade. Tem tamb\u00e9m o direito de informa\u00e7\u00e3o sobre a possibilidade de n\u00e3o fornecimento de Consentimento e sobre as consequ\u00eancias da negativa. Al\u00e9m disso, neste mesmo canal de atendimento, voc\u00ea poder\u00e1 encaminhar suas d\u00favidas relacionadas ao Tratamento, armazenamento e\/ou compartilhamento de Dados Pessoais.   <\/p>\n\n<ol start=\"7\" class=\"wp-block-list\">\n<li><strong>Altera\u00e7\u00f5es da Pol\u00edtica de Privacidade<\/strong><\/li>\n<\/ol>\n\n<p>O Grupo Athon reserva-se ao direito de revisar, alterar ou atualizar esta Pol\u00edtica de Privacidade a qualquer tempo. Assim, para que voc\u00ea se mantenha atualizado, recomendamos que consulte a esta Pol\u00edtica sempre que necess\u00e1rio, lembrando que o uso de nossos servi\u00e7os e a navega\u00e7\u00e3o pelo <em>site<\/em> expressam o seu integral consentimento com os termos ent\u00e3o vigentes desta Pol\u00edtica. <\/p>\n\n<ol start=\"8\" class=\"wp-block-list\">\n<li><strong>Ficou com alguma d\u00favida? Contate-nos! <\/strong><\/li>\n<\/ol>\n\n<p>Lembramos que suas d\u00favidas, considera\u00e7\u00f5es sobre o Tratamento de seus Dados Pessoais ou mesmo sobre esta Pol\u00edtica de Privacidade poder\u00e3o ser encaminhadas diretamente ao Encarregado de Prote\u00e7\u00e3o de Dados, em nosso canal de atendimento. Para isso, basta enviar um e-mail para <a href=\"mailto:privacidade@athonenergia.com.br\">privacidade@athonenergia.com.br<\/a>, que auxiliaremos no que for preciso para prote\u00e7\u00e3o e privacidade de seus Dados Pessoais. Voc\u00ea ter\u00e1 o seu pedido atendido ou justificado com base na lei aplic\u00e1vel, dentro dos prazos legais.  <\/p>\n\n<p><em>Atualizado em Abril\/2024<\/em><\/p>\n","protected":false},"excerpt":{"rendered":"<p>Privacy Policy Para que possamos conduzir nosso neg\u00f3cio de maneira \u00edntegra, transparente e sustent\u00e1vel, respeitar a privacidade dos Dados Pessoais que voc\u00ea compartilha conosco faz parte de nosso compromisso. E, como forma de demonstrar este compromisso, por meio desta Pol\u00edtica, n\u00f3s, do Grupo Athon, apresentamos a voc\u00ea, Titular de Dados, os direitos e garantias aos [&hellip;]<\/p>\n","protected":false},"author":1,"featured_media":0,"parent":0,"menu_order":0,"comment_status":"closed","ping_status":"closed","template":"","meta":{"_acf_changed":false,"footnotes":""},"class_list":["post-3300","page","type-page","status-publish","hentry"],"acf":[],"yoast_head":"<!-- This site is optimized with the Yoast SEO plugin v23.8 - https:\/\/yoast.com\/wordpress\/plugins\/seo\/ -->\n<title>Privacy Policy - Athon Energia<\/title>\n<meta name=\"robots\" content=\"index, follow, max-snippet:-1, max-image-preview:large, max-video-preview:-1\" \/>\n<link rel=\"canonical\" href=\"https:\/\/www.athonenergia.com.br\/en\/privacy-policy\/\" \/>\n<meta property=\"og:locale\" content=\"en_US\" \/>\n<meta property=\"og:type\" content=\"article\" \/>\n<meta property=\"og:title\" content=\"Privacy Policy - Athon Energia\" \/>\n<meta property=\"og:description\" content=\"Privacy Policy Para que possamos conduzir nosso neg\u00f3cio de maneira \u00edntegra, transparente e sustent\u00e1vel, respeitar a privacidade dos Dados Pessoais que voc\u00ea compartilha conosco faz parte de nosso compromisso. E, como forma de demonstrar este compromisso, por meio desta Pol\u00edtica, n\u00f3s, do Grupo Athon, apresentamos a voc\u00ea, Titular de Dados, os direitos e garantias aos [&hellip;]\" \/>\n<meta property=\"og:url\" content=\"https:\/\/www.athonenergia.com.br\/en\/privacy-policy\/\" \/>\n<meta property=\"og:site_name\" content=\"Athon Energia\" \/>\n<meta property=\"article:modified_time\" content=\"2024-09-26T14:32:00+00:00\" \/>\n<meta name=\"twitter:card\" content=\"summary_large_image\" \/>\n<meta name=\"twitter:label1\" content=\"Est. reading time\" \/>\n\t<meta name=\"twitter:data1\" content=\"6 minutes\" \/>\n<script type=\"application\/ld+json\" class=\"yoast-schema-graph\">{\"@context\":\"https:\/\/schema.org\",\"@graph\":[{\"@type\":\"WebPage\",\"@id\":\"https:\/\/www.athonenergia.com.br\/en\/privacy-policy\/\",\"url\":\"https:\/\/www.athonenergia.com.br\/en\/privacy-policy\/\",\"name\":\"Privacy Policy - Athon Energia\",\"isPartOf\":{\"@id\":\"https:\/\/www.athonenergia.com.br\/en\/#website\"},\"datePublished\":\"2024-07-10T20:13:08+00:00\",\"dateModified\":\"2024-09-26T14:32:00+00:00\",\"breadcrumb\":{\"@id\":\"https:\/\/www.athonenergia.com.br\/en\/privacy-policy\/#breadcrumb\"},\"inLanguage\":\"en-US\",\"potentialAction\":[{\"@type\":\"ReadAction\",\"target\":[\"https:\/\/www.athonenergia.com.br\/en\/privacy-policy\/\"]}]},{\"@type\":\"BreadcrumbList\",\"@id\":\"https:\/\/www.athonenergia.com.br\/en\/privacy-policy\/#breadcrumb\",\"itemListElement\":[{\"@type\":\"ListItem\",\"position\":1,\"name\":\"In\u00edcio\",\"item\":\"https:\/\/www.athonenergia.com.br\/en\/\"},{\"@type\":\"ListItem\",\"position\":2,\"name\":\"Privacy Policy\"}]},{\"@type\":\"WebSite\",\"@id\":\"https:\/\/www.athonenergia.com.br\/en\/#website\",\"url\":\"https:\/\/www.athonenergia.com.br\/en\/\",\"name\":\"Athon Energia\",\"description\":\"\",\"publisher\":{\"@id\":\"https:\/\/www.athonenergia.com.br\/en\/#organization\"},\"potentialAction\":[{\"@type\":\"SearchAction\",\"target\":{\"@type\":\"EntryPoint\",\"urlTemplate\":\"https:\/\/www.athonenergia.com.br\/en\/?s={search_term_string}\"},\"query-input\":{\"@type\":\"PropertyValueSpecification\",\"valueRequired\":true,\"valueName\":\"search_term_string\"}}],\"inLanguage\":\"en-US\"},{\"@type\":\"Organization\",\"@id\":\"https:\/\/www.athonenergia.com.br\/en\/#organization\",\"name\":\"Athon Energia\",\"url\":\"https:\/\/www.athonenergia.com.br\/en\/\",\"logo\":{\"@type\":\"ImageObject\",\"inLanguage\":\"en-US\",\"@id\":\"https:\/\/www.athonenergia.com.br\/en\/#\/schema\/logo\/image\/\",\"url\":\"https:\/\/www.athonenergia.com.br\/wp-content\/uploads\/2024\/09\/favicon-logo-cor.jpg\",\"contentUrl\":\"https:\/\/www.athonenergia.com.br\/wp-content\/uploads\/2024\/09\/favicon-logo-cor.jpg\",\"width\":200,\"height\":200,\"caption\":\"Athon Energia\"},\"image\":{\"@id\":\"https:\/\/www.athonenergia.com.br\/en\/#\/schema\/logo\/image\/\"},\"sameAs\":[\"https:\/\/linkedin.com\/company\/athonenergia\",\"https:\/\/instagram.com\/athonenergia\"]}]}<\/script>\n<!-- \/ Yoast SEO plugin. -->","yoast_head_json":{"title":"Privacy Policy - Athon Energia","robots":{"index":"index","follow":"follow","max-snippet":"max-snippet:-1","max-image-preview":"max-image-preview:large","max-video-preview":"max-video-preview:-1"},"canonical":"https:\/\/www.athonenergia.com.br\/en\/privacy-policy\/","og_locale":"en_US","og_type":"article","og_title":"Privacy Policy - Athon Energia","og_description":"Privacy Policy Para que possamos conduzir nosso neg\u00f3cio de maneira \u00edntegra, transparente e sustent\u00e1vel, respeitar a privacidade dos Dados Pessoais que voc\u00ea compartilha conosco faz parte de nosso compromisso. E, como forma de demonstrar este compromisso, por meio desta Pol\u00edtica, n\u00f3s, do Grupo Athon, apresentamos a voc\u00ea, Titular de Dados, os direitos e garantias aos [&hellip;]","og_url":"https:\/\/www.athonenergia.com.br\/en\/privacy-policy\/","og_site_name":"Athon Energia","article_modified_time":"2024-09-26T14:32:00+00:00","twitter_card":"summary_large_image","twitter_misc":{"Est. reading time":"6 minutes"},"schema":{"@context":"https:\/\/schema.org","@graph":[{"@type":"WebPage","@id":"https:\/\/www.athonenergia.com.br\/en\/privacy-policy\/","url":"https:\/\/www.athonenergia.com.br\/en\/privacy-policy\/","name":"Privacy Policy - Athon Energia","isPartOf":{"@id":"https:\/\/www.athonenergia.com.br\/en\/#website"},"datePublished":"2024-07-10T20:13:08+00:00","dateModified":"2024-09-26T14:32:00+00:00","breadcrumb":{"@id":"https:\/\/www.athonenergia.com.br\/en\/privacy-policy\/#breadcrumb"},"inLanguage":"en-US","potentialAction":[{"@type":"ReadAction","target":["https:\/\/www.athonenergia.com.br\/en\/privacy-policy\/"]}]},{"@type":"BreadcrumbList","@id":"https:\/\/www.athonenergia.com.br\/en\/privacy-policy\/#breadcrumb","itemListElement":[{"@type":"ListItem","position":1,"name":"In\u00edcio","item":"https:\/\/www.athonenergia.com.br\/en\/"},{"@type":"ListItem","position":2,"name":"Privacy Policy"}]},{"@type":"WebSite","@id":"https:\/\/www.athonenergia.com.br\/en\/#website","url":"https:\/\/www.athonenergia.com.br\/en\/","name":"Athon Energia","description":"","publisher":{"@id":"https:\/\/www.athonenergia.com.br\/en\/#organization"},"potentialAction":[{"@type":"SearchAction","target":{"@type":"EntryPoint","urlTemplate":"https:\/\/www.athonenergia.com.br\/en\/?s={search_term_string}"},"query-input":{"@type":"PropertyValueSpecification","valueRequired":true,"valueName":"search_term_string"}}],"inLanguage":"en-US"},{"@type":"Organization","@id":"https:\/\/www.athonenergia.com.br\/en\/#organization","name":"Athon Energia","url":"https:\/\/www.athonenergia.com.br\/en\/","logo":{"@type":"ImageObject","inLanguage":"en-US","@id":"https:\/\/www.athonenergia.com.br\/en\/#\/schema\/logo\/image\/","url":"https:\/\/www.athonenergia.com.br\/wp-content\/uploads\/2024\/09\/favicon-logo-cor.jpg","contentUrl":"https:\/\/www.athonenergia.com.br\/wp-content\/uploads\/2024\/09\/favicon-logo-cor.jpg","width":200,"height":200,"caption":"Athon Energia"},"image":{"@id":"https:\/\/www.athonenergia.com.br\/en\/#\/schema\/logo\/image\/"},"sameAs":["https:\/\/linkedin.com\/company\/athonenergia","https:\/\/instagram.com\/athonenergia"]}]}},"_links":{"self":[{"href":"https:\/\/www.athonenergia.com.br\/en\/wp-json\/wp\/v2\/pages\/3300","targetHints":{"allow":["GET"]}}],"collection":[{"href":"https:\/\/www.athonenergia.com.br\/en\/wp-json\/wp\/v2\/pages"}],"about":[{"href":"https:\/\/www.athonenergia.com.br\/en\/wp-json\/wp\/v2\/types\/page"}],"author":[{"embeddable":true,"href":"https:\/\/www.athonenergia.com.br\/en\/wp-json\/wp\/v2\/users\/1"}],"replies":[{"embeddable":true,"href":"https:\/\/www.athonenergia.com.br\/en\/wp-json\/wp\/v2\/comments?post=3300"}],"version-history":[{"count":1,"href":"https:\/\/www.athonenergia.com.br\/en\/wp-json\/wp\/v2\/pages\/3300\/revisions"}],"predecessor-version":[{"id":3301,"href":"https:\/\/www.athonenergia.com.br\/en\/wp-json\/wp\/v2\/pages\/3300\/revisions\/3301"}],"wp:attachment":[{"href":"https:\/\/www.athonenergia.com.br\/en\/wp-json\/wp\/v2\/media?parent=3300"}],"curies":[{"name":"wp","href":"https:\/\/api.w.org\/{rel}","templated":true}]}}